{"id":2575,"date":"2023-11-08T10:54:45","date_gmt":"2023-11-08T09:54:45","guid":{"rendered":"https:\/\/wpprovis.com\/festival\/garmin-epic-trail-youth\/"},"modified":"2024-05-17T12:54:52","modified_gmt":"2024-05-17T10:54:52","slug":"garmin-epic-trail-youth","status":"publish","type":"page","link":"https:\/\/garminmountainfestival.com\/ca\/festival\/garmin-epic-trail-youth\/","title":{"rendered":"Garmin Epic Trail Youth"},"content":{"rendered":"<div class=\"wpb-content-wrapper\">[vc_row full_width=&#8221;stretch_row_content&#8221; gap=&#8221;35&#8243;][vc_column width=&#8221;2\/3&#8243;]<style>.vcex-heading.vcex_69f4eff14f9a2{font-size:30px;}<\/style><h2 class=\"vcex-heading vcex-heading-plain vcex-module wpex-heading wpex-text-2xl vcex_69f4eff14f9a2\"><span class=\"vcex-heading-inner wpex-inline-block\">Descripci\u00f3<\/span><\/h2>[vc_row_inner][vc_column_inner width=&#8221;1\/3&#8243;]<figure class=\"vcex-image vcex-module\"><div class=\"vcex-image-inner wpex-relative wpex-inline-block\"><img width=\"3508\" height=\"2481\" src=\"https:\/\/garminmountainfestival.com\/wp-content\/uploads\/2023\/11\/gmf-youth.png\" class=\"vcex-image-img wpex-align-middle\" alt=\"\" loading=\"lazy\" decoding=\"async\" srcset=\"https:\/\/garminmountainfestival.com\/wp-content\/uploads\/2023\/11\/gmf-youth.png 3508w, https:\/\/garminmountainfestival.com\/wp-content\/uploads\/2023\/11\/gmf-youth-300x212.png 300w, https:\/\/garminmountainfestival.com\/wp-content\/uploads\/2023\/11\/gmf-youth-1024x724.png 1024w, https:\/\/garminmountainfestival.com\/wp-content\/uploads\/2023\/11\/gmf-youth-768x543.png 768w, https:\/\/garminmountainfestival.com\/wp-content\/uploads\/2023\/11\/gmf-youth-1536x1086.png 1536w, https:\/\/garminmountainfestival.com\/wp-content\/uploads\/2023\/11\/gmf-youth-2048x1448.png 2048w\" sizes=\"auto, (max-width: 3508px) 100vw, 3508px\" \/><\/div><\/figure>[\/vc_column_inner][vc_column_inner width=&#8221;2\/3&#8243;][vc_column_text]Les curses infantils en esdeveniments de trail running, com la Garmin Epic Trail, representen una oportunitat \u00fanica perqu\u00e8 els m\u00e9s petits s&#8217;introdueixin a l&#8217;apassionant m\u00f3n del running de muntanya. Aquestes curses, dissenyades espec\u00edficament per a nens i nenes, ofereixen una experi\u00e8ncia adaptada a les seves capacitats i necessitats, tot promovent valors com l&#8217;esfor\u00e7, la superaci\u00f3 personal i l&#8217;amor per la natura.<\/p>\n<p>S\u00f3n carreres adre\u00e7ades als m\u00e9s joves per a nens i nenes amb circuits i dist\u00e0ncies adaptats a cada categoria, amb sortida i arribada a Barruera pels Prats de la Ribera i el Parc del Salencar.[\/vc_column_text][\/vc_column_inner][\/vc_row_inner][\/vc_column][vc_column wpex_shadow=&#8221;shadow-lg&#8221; width=&#8221;1\/3&#8243; css=&#8221;.vc_custom_1699438708117{padding-left: 40px !important;background-color: #eeeeee !important;}&#8221;][vc_widget_sidebar sidebar_id=&#8221;horario-garmin-epic-trail-youth&#8221;]<div class=\"templatera_shortcode\"><div class=\"vc_row wpb_row vc_row-fluid wpex-relative\"><div class=\"wpb_column vc_column_container vc_col-sm-12\"><div class=\"vc_column-inner\"><div class=\"wpb_wrapper\"><a href=\"https:\/\/garminmountainfestival.com\/ca\/programa\/\" class=\"vcex-button theme-button inline\"><span class=\"vcex-button-inner theme-button-inner wpex-flex wpex-flex-wrap wpex-items-center wpex-justify-center\">VEURE EL PROGRAMA DEL FESTIVAL<\/span><\/a> <\/div><\/div><\/div><\/div><\/div>[\/vc_column][\/vc_row][vc_row full_width=&#8221;stretch_row_content&#8221; gap=&#8221;35&#8243;][vc_column width=&#8221;1\/3&#8243;]<style>.vcex-heading.vcex_69f4eff153daa{font-size:30px;font-weight:700;}<\/style><div class=\"vcex-heading vcex-heading-plain vcex-module wpex-heading wpex-text-2xl vcex_69f4eff153daa\"><span class=\"vcex-heading-inner wpex-inline-block\">Apunta&apos;t a l&apos;activitat: Garmin Epic Trail Youth<\/span><\/div>[\/vc_column][vc_column width=&#8221;1\/3&#8243;][vc_column_text]La inscripci\u00f3 inclou:<\/p>\n<ul>\n<li>Dorsals<\/li>\n<li>Medalla<\/li>\n<li>Avituallament l\u00edquid final<\/li>\n<\/ul>\n[\/vc_column_text][\/vc_column][vc_column width=&#8221;1\/3&#8243;][vc_column_text]<strong><span style=\"font-size: 32px;\">Gratuita<\/span><\/strong><br \/>\n<span style=\"font-size: 14px;\">AMB PR\u00c8VIA INSCRIPCI\u00d3<\/span>[\/vc_column_text]<div class=\"templatera_shortcode\"><style type=\"text\/css\" data-type=\"vc_shortcodes-custom-css\">.vc_custom_1719475603746{padding-top: 20px !important;}<\/style><div class=\"vc_row wpb_row vc_row-fluid wpex-relative\"><div class=\"wpb_column vc_column_container vc_col-sm-12\"><div class=\"vc_column-inner\"><div class=\"wpb_wrapper\"><div class=\"vc_custom_1719475603746 wpex-clr\"><div class=\"theme-button-wrap textcenter wpex-clr\"><a href=\"https:\/\/www.rockthesport.com\/ca\/esdeveniment\/garmin-epic-trail-youth-2025-\" class=\"vcex-button theme-button medium align-center inline\" target=\"_blank\" rel=\"noopener noreferrer\"><span class=\"vcex-button-inner theme-button-inner wpex-flex wpex-flex-wrap wpex-items-center wpex-justify-center\">INSCRIPCIONS PROPERAMENT<\/span><\/a><\/div><\/div> <\/div><\/div><\/div><\/div>\r\n<\/div>[\/vc_column][\/vc_row][vc_row full_width=&#8221;stretch_row_content&#8221;][vc_column][vc_tta_tabs][vc_tta_section title=&#8221;Recorregut \/ Recorrido \/ Route Sub 9, 11, 13, 16&#8243; tab_id=&#8221;recorridos-sub-9-11-13-16&#8243;]<figure class=\"vcex-image vcex-module\"><div class=\"vcex-image-inner wpex-relative wpex-inline-block\"><img width=\"1748\" height=\"1240\" src=\"https:\/\/garminmountainfestival.com\/wp-content\/uploads\/2024\/03\/recorreguts_epictrail_24_youth_sub9-11-13-16-min.jpg\" class=\"vcex-image-img wpex-align-middle\" alt=\"\" loading=\"lazy\" decoding=\"async\" srcset=\"https:\/\/garminmountainfestival.com\/wp-content\/uploads\/2024\/03\/recorreguts_epictrail_24_youth_sub9-11-13-16-min.jpg 1748w, https:\/\/garminmountainfestival.com\/wp-content\/uploads\/2024\/03\/recorreguts_epictrail_24_youth_sub9-11-13-16-min-300x213.jpg 300w, https:\/\/garminmountainfestival.com\/wp-content\/uploads\/2024\/03\/recorreguts_epictrail_24_youth_sub9-11-13-16-min-1024x726.jpg 1024w, https:\/\/garminmountainfestival.com\/wp-content\/uploads\/2024\/03\/recorreguts_epictrail_24_youth_sub9-11-13-16-min-768x545.jpg 768w, https:\/\/garminmountainfestival.com\/wp-content\/uploads\/2024\/03\/recorreguts_epictrail_24_youth_sub9-11-13-16-min-1536x1090.jpg 1536w\" sizes=\"auto, (max-width: 1748px) 100vw, 1748px\" \/><\/div><\/figure>[\/vc_tta_section][vc_tta_section title=&#8221;Recorregut \/ Recorrido \/ Route Sub 7&#8243; tab_id=&#8221;Recorrido-sub-7&#8243;]<figure class=\"vcex-image vcex-module\"><div class=\"vcex-image-inner wpex-relative wpex-inline-block\"><img width=\"1748\" height=\"1240\" src=\"https:\/\/garminmountainfestival.com\/wp-content\/uploads\/2024\/03\/recorreguts_epictrail_24_youth_sub7-min.jpg\" class=\"vcex-image-img wpex-align-middle\" alt=\"\" loading=\"lazy\" decoding=\"async\" srcset=\"https:\/\/garminmountainfestival.com\/wp-content\/uploads\/2024\/03\/recorreguts_epictrail_24_youth_sub7-min.jpg 1748w, https:\/\/garminmountainfestival.com\/wp-content\/uploads\/2024\/03\/recorreguts_epictrail_24_youth_sub7-min-300x213.jpg 300w, https:\/\/garminmountainfestival.com\/wp-content\/uploads\/2024\/03\/recorreguts_epictrail_24_youth_sub7-min-1024x726.jpg 1024w, https:\/\/garminmountainfestival.com\/wp-content\/uploads\/2024\/03\/recorreguts_epictrail_24_youth_sub7-min-768x545.jpg 768w, https:\/\/garminmountainfestival.com\/wp-content\/uploads\/2024\/03\/recorreguts_epictrail_24_youth_sub7-min-1536x1090.jpg 1536w\" sizes=\"auto, (max-width: 1748px) 100vw, 1748px\" \/><\/div><\/figure>[\/vc_tta_section][\/vc_tta_tabs][\/vc_column][\/vc_row][vc_row full_width=&#8221;stretch_row_content_no_spaces&#8221;][vc_column]<style class=\"vcex-carousel-preload-css\">.vcex_69f4eff156f78{--wpex-carousel-gap:15px;}.vcex_69f4eff156f78{--wpex-carousel-columns:1;}.vcex_69f4eff156f78.wpex-carousel:not(.wpex-carousel--loaded) > *:not(:nth-child(1n+2)){display:flex!important;}@media only screen and (min-width: 480px) {.vcex_69f4eff156f78{--wpex-carousel-columns:2;}.vcex_69f4eff156f78.wpex-carousel:not(.wpex-carousel--loaded) > *:not(:nth-child(1n+3)){display:flex!important;}}@media only screen and (min-width: 768px) {.vcex_69f4eff156f78{--wpex-carousel-columns:3;}.vcex_69f4eff156f78.wpex-carousel:not(.wpex-carousel--loaded) > *:not(:nth-child(1n+4)){display:flex!important;}}@media only screen and (min-width: 960px) {.vcex_69f4eff156f78{--wpex-carousel-columns:4;}.vcex_69f4eff156f78.wpex-carousel:not(.wpex-carousel--loaded) > *:not(:nth-child(1n+5)){display:flex!important;}}<\/style><div class=\"vcex-image-carousel wpex-carousel wpex-carousel-images wpex-clr vcex-module owl-carousel wpex-carousel--render-onload vcex_69f4eff156f78 wpex-carousel-lightbox\" data-wpex-carousel=\"{&quot;nav&quot;:&quot;false&quot;,&quot;dots&quot;:&quot;true&quot;,&quot;autoplay&quot;:&quot;true&quot;,&quot;slideBy&quot;:1,&quot;items&quot;:4,&quot;responsive&quot;:{&quot;0&quot;:{&quot;items&quot;:&quot;1&quot;},&quot;480&quot;:{&quot;items&quot;:&quot;2&quot;},&quot;768&quot;:{&quot;items&quot;:&quot;3&quot;},&quot;960&quot;:{&quot;items&quot;:4}}}\"><div class=\"wpex-carousel-slide\"><figure class=\"wpex-carousel-entry-media entry-media wpex-relative\"><a href=\"https:\/\/garminmountainfestival.com\/wp-content\/uploads\/2023\/12\/garmin-epic-trail-youth-vall-de-boi-1-scaled.jpg\" class=\"wpex-carousel-entry-img wpex-carousel-lightbox-item\" data-count=\"1\" data-show_title=\"false\"><img width=\"2560\" height=\"1712\" src=\"https:\/\/garminmountainfestival.com\/wp-content\/uploads\/2023\/12\/garmin-epic-trail-youth-vall-de-boi-1-scaled.jpg\" class=\"wpex-align-middle skip-lazy\" alt=\"\" data-no-lazy=\"1\" srcset=\"https:\/\/garminmountainfestival.com\/wp-content\/uploads\/2023\/12\/garmin-epic-trail-youth-vall-de-boi-1-scaled.jpg 2560w, https:\/\/garminmountainfestival.com\/wp-content\/uploads\/2023\/12\/garmin-epic-trail-youth-vall-de-boi-1-300x201.jpg 300w, https:\/\/garminmountainfestival.com\/wp-content\/uploads\/2023\/12\/garmin-epic-trail-youth-vall-de-boi-1-1024x685.jpg 1024w, https:\/\/garminmountainfestival.com\/wp-content\/uploads\/2023\/12\/garmin-epic-trail-youth-vall-de-boi-1-768x514.jpg 768w, https:\/\/garminmountainfestival.com\/wp-content\/uploads\/2023\/12\/garmin-epic-trail-youth-vall-de-boi-1-1536x1027.jpg 1536w, https:\/\/garminmountainfestival.com\/wp-content\/uploads\/2023\/12\/garmin-epic-trail-youth-vall-de-boi-1-2048x1370.jpg 2048w\" sizes=\"(max-width: 2560px) 100vw, 2560px\" \/><\/a><\/figure><\/div><div class=\"wpex-carousel-slide\"><figure class=\"wpex-carousel-entry-media entry-media wpex-relative\"><a href=\"https:\/\/garminmountainfestival.com\/wp-content\/uploads\/2023\/12\/garmin-epic-trail-youth-vall-de-boi-2-scaled.jpg\" class=\"wpex-carousel-entry-img wpex-carousel-lightbox-item\" data-count=\"2\" data-show_title=\"false\"><img width=\"2560\" height=\"1707\" src=\"https:\/\/garminmountainfestival.com\/wp-content\/uploads\/2023\/12\/garmin-epic-trail-youth-vall-de-boi-2-scaled.jpg\" class=\"wpex-align-middle skip-lazy\" alt=\"\" data-no-lazy=\"1\" srcset=\"https:\/\/garminmountainfestival.com\/wp-content\/uploads\/2023\/12\/garmin-epic-trail-youth-vall-de-boi-2-scaled.jpg 2560w, https:\/\/garminmountainfestival.com\/wp-content\/uploads\/2023\/12\/garmin-epic-trail-youth-vall-de-boi-2-300x200.jpg 300w, https:\/\/garminmountainfestival.com\/wp-content\/uploads\/2023\/12\/garmin-epic-trail-youth-vall-de-boi-2-1024x683.jpg 1024w, https:\/\/garminmountainfestival.com\/wp-content\/uploads\/2023\/12\/garmin-epic-trail-youth-vall-de-boi-2-768x512.jpg 768w, https:\/\/garminmountainfestival.com\/wp-content\/uploads\/2023\/12\/garmin-epic-trail-youth-vall-de-boi-2-1536x1024.jpg 1536w, https:\/\/garminmountainfestival.com\/wp-content\/uploads\/2023\/12\/garmin-epic-trail-youth-vall-de-boi-2-2048x1365.jpg 2048w\" sizes=\"(max-width: 2560px) 100vw, 2560px\" \/><\/a><\/figure><\/div><div class=\"wpex-carousel-slide\"><figure class=\"wpex-carousel-entry-media entry-media wpex-relative\"><a href=\"https:\/\/garminmountainfestival.com\/wp-content\/uploads\/2023\/12\/garmin-epic-trail-youth-vall-de-boi-3.jpg\" class=\"wpex-carousel-entry-img wpex-carousel-lightbox-item\" data-count=\"3\" data-show_title=\"false\"><img width=\"2052\" height=\"1368\" src=\"https:\/\/garminmountainfestival.com\/wp-content\/uploads\/2023\/12\/garmin-epic-trail-youth-vall-de-boi-3.jpg\" class=\"wpex-align-middle skip-lazy\" alt=\"\" data-no-lazy=\"1\" srcset=\"https:\/\/garminmountainfestival.com\/wp-content\/uploads\/2023\/12\/garmin-epic-trail-youth-vall-de-boi-3.jpg 2052w, https:\/\/garminmountainfestival.com\/wp-content\/uploads\/2023\/12\/garmin-epic-trail-youth-vall-de-boi-3-300x200.jpg 300w, https:\/\/garminmountainfestival.com\/wp-content\/uploads\/2023\/12\/garmin-epic-trail-youth-vall-de-boi-3-1024x683.jpg 1024w, https:\/\/garminmountainfestival.com\/wp-content\/uploads\/2023\/12\/garmin-epic-trail-youth-vall-de-boi-3-768x512.jpg 768w, https:\/\/garminmountainfestival.com\/wp-content\/uploads\/2023\/12\/garmin-epic-trail-youth-vall-de-boi-3-1536x1024.jpg 1536w, https:\/\/garminmountainfestival.com\/wp-content\/uploads\/2023\/12\/garmin-epic-trail-youth-vall-de-boi-3-2048x1365.jpg 2048w\" sizes=\"(max-width: 2052px) 100vw, 2052px\" \/><\/a><\/figure><\/div><div class=\"wpex-carousel-slide\"><figure class=\"wpex-carousel-entry-media entry-media wpex-relative\"><a href=\"https:\/\/garminmountainfestival.com\/wp-content\/uploads\/2023\/12\/garmin-epic-trail-youth-vall-de-boi-4-scaled.jpg\" class=\"wpex-carousel-entry-img wpex-carousel-lightbox-item\" data-count=\"4\" data-show_title=\"false\"><img width=\"2560\" height=\"1707\" src=\"https:\/\/garminmountainfestival.com\/wp-content\/uploads\/2023\/12\/garmin-epic-trail-youth-vall-de-boi-4-scaled.jpg\" class=\"wpex-align-middle skip-lazy\" alt=\"\" data-no-lazy=\"1\" srcset=\"https:\/\/garminmountainfestival.com\/wp-content\/uploads\/2023\/12\/garmin-epic-trail-youth-vall-de-boi-4-scaled.jpg 2560w, https:\/\/garminmountainfestival.com\/wp-content\/uploads\/2023\/12\/garmin-epic-trail-youth-vall-de-boi-4-300x200.jpg 300w, https:\/\/garminmountainfestival.com\/wp-content\/uploads\/2023\/12\/garmin-epic-trail-youth-vall-de-boi-4-1024x683.jpg 1024w, https:\/\/garminmountainfestival.com\/wp-content\/uploads\/2023\/12\/garmin-epic-trail-youth-vall-de-boi-4-768x512.jpg 768w, https:\/\/garminmountainfestival.com\/wp-content\/uploads\/2023\/12\/garmin-epic-trail-youth-vall-de-boi-4-1536x1024.jpg 1536w, https:\/\/garminmountainfestival.com\/wp-content\/uploads\/2023\/12\/garmin-epic-trail-youth-vall-de-boi-4-2048x1365.jpg 2048w\" sizes=\"(max-width: 2560px) 100vw, 2560px\" \/><\/a><\/figure><\/div><\/div>[\/vc_column][\/vc_row]\n<\/div>","protected":false},"excerpt":{"rendered":"","protected":false},"author":6,"featured_media":2346,"parent":2556,"menu_order":0,"comment_status":"closed","ping_status":"closed","template":"","meta":{"footnotes":""},"class_list":["post-2575","page","type-page","status-publish","has-post-thumbnail","hentry","entry","no-media"],"_links":{"self":[{"href":"https:\/\/garminmountainfestival.com\/ca\/wp-json\/wp\/v2\/pages\/2575","targetHints":{"allow":["GET"]}}],"collection":[{"href":"https:\/\/garminmountainfestival.com\/ca\/wp-json\/wp\/v2\/pages"}],"about":[{"href":"https:\/\/garminmountainfestival.com\/ca\/wp-json\/wp\/v2\/types\/page"}],"author":[{"embeddable":true,"href":"https:\/\/garminmountainfestival.com\/ca\/wp-json\/wp\/v2\/users\/6"}],"replies":[{"embeddable":true,"href":"https:\/\/garminmountainfestival.com\/ca\/wp-json\/wp\/v2\/comments?post=2575"}],"version-history":[{"count":11,"href":"https:\/\/garminmountainfestival.com\/ca\/wp-json\/wp\/v2\/pages\/2575\/revisions"}],"predecessor-version":[{"id":3668,"href":"https:\/\/garminmountainfestival.com\/ca\/wp-json\/wp\/v2\/pages\/2575\/revisions\/3668"}],"up":[{"embeddable":true,"href":"https:\/\/garminmountainfestival.com\/ca\/wp-json\/wp\/v2\/pages\/2556"}],"wp:featuredmedia":[{"embeddable":true,"href":"https:\/\/garminmountainfestival.com\/ca\/wp-json\/wp\/v2\/media\/2346"}],"wp:attachment":[{"href":"https:\/\/garminmountainfestival.com\/ca\/wp-json\/wp\/v2\/media?parent=2575"}],"curies":[{"name":"wp","href":"https:\/\/api.w.org\/{rel}","templated":true}]}}